{"id":36,"date":"2022-09-12T10:06:02","date_gmt":"2022-09-12T08:06:02","guid":{"rendered":"http:\/\/www.collectifdubancjaune.fr\/biv\/?page_id=36"},"modified":"2026-04-08T20:10:20","modified_gmt":"2026-04-08T18:10:20","slug":"agenda","status":"publish","type":"page","link":"http:\/\/www.collectifdubancjaune.fr\/biv\/agenda\/","title":{"rendered":"Agenda"},"content":{"rendered":"<hr \/>\n<p><u>Prochainement:<\/u><\/p>\n<ul>\n<li style=\"list-style-type: none;\">\n<ul>\n<li>1er mai 2026, 20h, Ligne 21, Plogonnec, 15\u20ac, r\u00e9sa au 06 68 58 34 98\u00a0<\/li>\n<li>2 mai 2026, 19h, prix libre, Plou\u00e9nez, Brennilis. Info au 06 07 55 02 68<\/li>\n<li>3 mai 2026, 15h, 10\u20ac, Rostrenen, chez Naira Andrade, r\u00e9sa au 06 80 33 53 99<\/li>\n<\/ul>\n<\/li>\n<\/ul>\n<p style=\"text-align: center;\"><u>Pr\u00e9c\u00e9demment<\/u><\/p>\n<ul>\n<li style=\"list-style-type: none;\">\n<ul>\n<li>18 f\u00e9vrier, 20h, Plomeur, Gite de Penfond (29)<\/li>\n<li>19 f\u00e9vrier, 19h, Paule (22), Bar El Dorado<\/li>\n<li>20 f\u00e9vrier, 20h30 <a href=\"https:\/\/www.facebook.com\/profile.php?id=100091911054460\">Stal Caf\u00e9<\/a> \u00e0 Plon\u00e9our-Menez (29)<\/li>\n<\/ul>\n<\/li>\n<\/ul>\n<ul>\n<li>30 janvier, Loire-Authion<\/li>\n<li>31 janvier, Villeneuve en Retz<\/li>\n<\/ul>\n<ul>\n<li>Samedi 11 octobre 2025. Saint-Philbert de Grandlieu.<\/li>\n<li>19 juin, Nantes, intervention pour Amnesty International, Journ\u00e9e Mondiale des r\u00e9fugi\u00e9s.<\/li>\n<li>23 mai, Nantes, Les Sc\u00e8nes Vagabondes<\/li>\n<li>18 mai 2025, <a href=\"https:\/\/www.billetweb.fr\/pro\/acappella\">Besn\u00e9<\/a><\/li>\n<li>4 avril 2025, Rouans,<a href=\"https:\/\/www.vostickets.net\/billet\/FR\/representation-COEUR_EN_SCENE-24172-0.wb?REFID=s9EMAAAAAABuAA\"> Coeur en Sc\u00e8ne <\/a><\/li>\n<li>Jeudi 20 f\u00e9vrier 2025, Saint-Jean de Boiseau<\/li>\n<li>Dimanche 26 janvier 2025, Cin\u00e9 le Bonne Garde \u00e0 Nantes.<\/li>\n<\/ul>\n<p>2024<\/p>\n<ul>\n<li>Samedi 15 juin, Nantes, \u00c9cole de musique du quartier Toutes Aides,<\/li>\n<li>Dimanche 30 juin, Nantes, <a href=\"https:\/\/metropole.nantes.fr\/scenes-vagabondes\">Les Sc\u00e8nes Vagabondes, <\/a>Parc de la Gaudini\u00e8re<\/li>\n<\/ul>\n<ul>\n<li>8 mars Journ\u00e9e des Droits des femmes, Rouans, salle C\u0153ur en sc\u00e8ne.<\/li>\n<li>10 f\u00e9vrier 2024, <a href=\"https:\/\/www.3francs6sous.org\/\">Bar 3francs6sous<\/a> au Pellerin,<\/li>\n<li>9 septembre 2023,\u00a0 Folle Nuit du Conte \u00e0 St-Jean de Boiseau (44).\u00a0\u00a0 \u00a0 \u00a0 \u00a0 \u00a0 \u00a0 \u00a0 \u00a0 \u00a0 \u00a0 \u00a0 \u00a0 \u00a0 \u00a0 \u00a0 \u00a0 \u00a0 \u00a0 \u00a0 \u00a0 \u00a0 \u00a0 \u00a0\u00a0\u00a0\u00a0\u00a0\u00a0\u00a0\u00a0\u00a0\u00a0\u00a0\u00a0\u00a0\u00a0\u00a0\u00a0\u00a0\u00a0<\/li>\n<li>16 septembre 2023, lancement de saison de Onyx, \u00e0 Saint Herblain (44).<\/li>\n<li>11 mars 2023, Sc\u00e8nes Vagabondes, Nantes. \u00a0 \u00a0 \u00a0 \u00a0 \u00a0 \u00a0 \u00a0 \u00a0 \u00a0\u00a0\u00a0\u00a0\u00a0\u00a0\u00a0\u00a0\u00a0\u00a0\u00a0\u00a0\u00a0\u00a0\u00a0\u00a0\u00a0<\/li>\n<li>Le 6 mai, Micro Festival Bien l&rsquo;Banc Jaune, Jardin du 19 rue du Jamet, \u00e0 Nantes. Avec -presque- tous les artistes et groupes du Collectif ! La BIV en concert<\/li>\n<li>\n<p>Le 24 mai 2022 au TU de Nantes, participation \u00e0 la performance \u00ab\u00a0En d\u00e9coudre\u00a0\u00bb de la Cie Brumes.<\/p>\n<\/li>\n<li>\n<p>Le 23 juin 2022, Sc\u00e8nes vagabondes, Nantes.<\/p>\n<\/li>\n<li>\n<p>La Maison du Pont \u00e0 Pont de Celles (63)<\/p>\n<\/li>\n<\/ul>\n<ul>\n<li>Festival les 10\u00e8me Travers\u00e9es de Tatihou 2021 (50)<\/li>\n<li>Festival La Rive aux Barges (44)<i> report\u00e9<\/i><\/li>\n<li>Salle Louis Daquin, Le Poir\u00e9 sur Vie (85)<\/li>\n<li>Les Heures d&rsquo;\u00e9t\u00e9 2020, douves du Ch\u00e2teau, Nantes (44)<\/li>\n<li>10\u00e8me festival de la Cit\u00e9 de l&rsquo;abeille \u00e0 Viscomtat ( 63)<\/li>\n<li>Les Z&rsquo;endimanch\u00e9s 2020, St Hilaire de Chal\u00e9ons (44)<\/li>\n<li>Zad&rsquo;Envies 2020, ZAD de Notre dame des Landes (44)<\/li>\n<li>Festival des Sc\u00e8nes vagabondes 2019, Nantes (44)<\/li>\n<li><a href=\"http:\/\/www.tisse-metisse.org\/?mode=programmation\">Festival Tiss\u00e9 M\u00e9tisse 2018<\/a><a href=\"http:\/\/www.tisse-metisse.org\/?mode=programmation\">, <\/a><a href=\"http:\/\/www.tisse-metisse.org\/?mode=programmation\">Cit\u00e9 des congr\u00e8s de Nantes<\/a><\/li>\n<li>La Gall\u00e9sie en F\u00eate, \u00e0 Monterfil (35)<\/li>\n<li>Les r\u00e9gates de Trentemoult (44)<\/li>\n<li>Le Nouveau Pavillon, Bouguenais (44)<\/li>\n<li>Cl\u00f4ture de saison de l&rsquo;Arc \u00e0 Rez\u00e9 (44)<\/li>\n<li>Th\u00e9\u00e2tre Municipal de Rez\u00e9, 1\u00e8re partie d&rsquo;Antonio Placer (44)<\/li>\n<li>M\u00e9diath\u00e8que de Cou\u00ebron (44)<\/li>\n<li>Espace Renaissance \u00e0 Donges (44)<\/li>\n<li>10\u00e8me Festival des Insectes de Viscomtat (63)<\/li>\n<li>Caf\u00e9 Pioche, l&rsquo;Art Sc\u00e8ne, Nantes (44)<\/li>\n<li>Concerts priv\u00e9s \u00e0 Saint-Jean de Boiseau, au Pellerin, \u00e0 Vigneux de Bretagne (44), au Poir\u00e9 s\/ Vie (85)<\/li>\n<li>Mairie de St Herblain (44)<\/li>\n<li>Festival de polyphonies f\u00e9minines \u00e0 Odos (65)<\/li>\n<li>Les Mercredi d&rsquo;Indre (44)<\/li>\n<li>Le Petit No\u00ebl de Nadalet (30)<\/li>\n<li>La Grange \u00e0 Nadine (44)<\/li>\n<li>dans le tram, sur les places, dans les jardins, et sur la ZAD !<\/li>\n<\/ul>\n<p>\t\t\t\t\t\t\t\t\t\t<img width=\"640\" height=\"513\" src=\"http:\/\/www.collectifdubancjaune.fr\/biv\/wp-content\/uploads\/2021\/03\/Photo-Djamel-Cite\u0301-de-labeille-1024x821.jpg\" alt=\"\" loading=\"lazy\" srcset=\"http:\/\/www.collectifdubancjaune.fr\/biv\/wp-content\/uploads\/2021\/03\/Photo-Djamel-Cite\u0301-de-labeille-1024x821.jpg 1024w, http:\/\/www.collectifdubancjaune.fr\/biv\/wp-content\/uploads\/2021\/03\/Photo-Djamel-Cite\u0301-de-labeille-300x240.jpg 300w, http:\/\/www.collectifdubancjaune.fr\/biv\/wp-content\/uploads\/2021\/03\/Photo-Djamel-Cite\u0301-de-labeille-768x616.jpg 768w, http:\/\/www.collectifdubancjaune.fr\/biv\/wp-content\/uploads\/2021\/03\/Photo-Djamel-Cite\u0301-de-labeille-850x681.jpg 850w\" sizes=\"(max-width: 640px) 100vw, 640px\" \/>\t\t\t\t\t\t\t\t\t\t\t<\/p>\n<p style=\"text-align: right;\"><em style=\"box-sizing: inherit; font-family: lato, lato, 'helvetica neue', helvetica, arial, sans-serif;\">\u00a9 photo en t\u00eate de page : <\/em><i>DR<br \/><\/i><\/p>\n<p style=\"text-align: right;\"><em style=\"box-sizing: inherit; font-family: lato, lato, 'helvetica neue', helvetica, arial, sans-serif;\">\u00a9 photo bas de page :\u00a0 Djamel Far\u00e8s<\/em><\/p>\n","protected":false},"excerpt":{"rendered":"<p>Prochainement: 1er mai 2026, 20h, Ligne 21, Plogonnec, 15\u20ac, r\u00e9sa au 06 68 58 34 98\u00a0 2 mai 2026, 19h, prix libre, Plou\u00e9nez, Brennilis. Info au 06 07 55 02 68 3 mai 2026, 15h, 10\u20ac, Rostrenen, chez Naira Andrade, r\u00e9sa au 06 80 33 53 99 Pr\u00e9c\u00e9demment 18 f\u00e9vrier, 20h, Plomeur, Gite de Penfond&#8230;<\/p>\n","protected":false},"author":1,"featured_media":0,"parent":0,"menu_order":0,"comment_status":"closed","ping_status":"closed","template":"","meta":[],"_links":{"self":[{"href":"http:\/\/www.collectifdubancjaune.fr\/biv\/wp-json\/wp\/v2\/pages\/36"}],"collection":[{"href":"http:\/\/www.collectifdubancjaune.fr\/biv\/wp-json\/wp\/v2\/pages"}],"about":[{"href":"http:\/\/www.collectifdubancjaune.fr\/biv\/wp-json\/wp\/v2\/types\/page"}],"author":[{"embeddable":true,"href":"http:\/\/www.collectifdubancjaune.fr\/biv\/wp-json\/wp\/v2\/users\/1"}],"replies":[{"embeddable":true,"href":"http:\/\/www.collectifdubancjaune.fr\/biv\/wp-json\/wp\/v2\/comments?post=36"}],"version-history":[{"count":147,"href":"http:\/\/www.collectifdubancjaune.fr\/biv\/wp-json\/wp\/v2\/pages\/36\/revisions"}],"predecessor-version":[{"id":992,"href":"http:\/\/www.collectifdubancjaune.fr\/biv\/wp-json\/wp\/v2\/pages\/36\/revisions\/992"}],"wp:attachment":[{"href":"http:\/\/www.collectifdubancjaune.fr\/biv\/wp-json\/wp\/v2\/media?parent=36"}],"curies":[{"name":"wp","href":"https:\/\/api.w.org\/{rel}","templated":true}]}}